
{"id":72,"date":"2020-12-01T16:57:02","date_gmt":"2020-12-01T15:57:02","guid":{"rendered":"http:\/\/lamoulinettelille.fr\/?page_id=72"},"modified":"2023-07-18T10:33:06","modified_gmt":"2023-07-18T08:33:06","slug":"la-moulinette-cest-quoi","status":"publish","type":"page","link":"https:\/\/lamoulinettelille.fr\/?page_id=72","title":{"rendered":"\u00c0 propos"},"content":{"rendered":"\n<h2 class=\"wp-block-heading\">La Moulinette est comme toi : elle a de multiples facettes<\/h2>\n\n\n\n<p>A la fois <strong>caf\u00e9, restaurant v\u00e9g\u00e9tarien et v\u00e9gan, bar et lieu culturel, <\/strong>La Moulinette est un espace o\u00f9 il fait bon se retrouver en famille, entre voisin\u00b7nes, entre coll\u00e8gues,&nbsp;entre ami\u00b7es, aux diff\u00e9rentes heures de la journ\u00e9e.<\/p>\n\n\n\n<figure class=\"wp-block-gallery columns-2 is-cropped wp-block-gallery-1 is-layout-flex wp-block-gallery-is-layout-flex\"><ul class=\"blocks-gallery-grid\"><li class=\"blocks-gallery-item\"><figure><img loading=\"lazy\" decoding=\"async\" width=\"768\" height=\"1024\" src=\"https:\/\/lamoulinettelille.fr\/wp-content\/uploads\/2023\/07\/La-Moulinette-est-comme-toi-01-1-768x1024.jpeg\" alt=\"\" data-id=\"635\" data-full-url=\"https:\/\/lamoulinettelille.fr\/wp-content\/uploads\/2023\/07\/La-Moulinette-est-comme-toi-01-1-scaled.jpeg\" data-link=\"https:\/\/lamoulinettelille.fr\/?attachment_id=635\" class=\"wp-image-635\" srcset=\"https:\/\/lamoulinettelille.fr\/wp-content\/uploads\/2023\/07\/La-Moulinette-est-comme-toi-01-1-768x1024.jpeg 768w, https:\/\/lamoulinettelille.fr\/wp-content\/uploads\/2023\/07\/La-Moulinette-est-comme-toi-01-1-225x300.jpeg 225w, https:\/\/lamoulinettelille.fr\/wp-content\/uploads\/2023\/07\/La-Moulinette-est-comme-toi-01-1-1152x1536.jpeg 1152w, https:\/\/lamoulinettelille.fr\/wp-content\/uploads\/2023\/07\/La-Moulinette-est-comme-toi-01-1-1536x2048.jpeg 1536w, https:\/\/lamoulinettelille.fr\/wp-content\/uploads\/2023\/07\/La-Moulinette-est-comme-toi-01-1-600x800.jpeg 600w, https:\/\/lamoulinettelille.fr\/wp-content\/uploads\/2023\/07\/La-Moulinette-est-comme-toi-01-1-scaled.jpeg 1920w\" sizes=\"auto, (max-width: 768px) 100vw, 768px\" \/><\/figure><\/li><li class=\"blocks-gallery-item\"><figure><img loading=\"lazy\" decoding=\"async\" width=\"768\" height=\"1024\" src=\"https:\/\/lamoulinettelille.fr\/wp-content\/uploads\/2023\/07\/La-Moulinette-est-comme-toi-02-768x1024.jpeg\" alt=\"\" data-id=\"608\" data-link=\"https:\/\/lamoulinettelille.fr\/?attachment_id=608\" class=\"wp-image-608\" srcset=\"https:\/\/lamoulinettelille.fr\/wp-content\/uploads\/2023\/07\/La-Moulinette-est-comme-toi-02-768x1024.jpeg 768w, https:\/\/lamoulinettelille.fr\/wp-content\/uploads\/2023\/07\/La-Moulinette-est-comme-toi-02-225x300.jpeg 225w, https:\/\/lamoulinettelille.fr\/wp-content\/uploads\/2023\/07\/La-Moulinette-est-comme-toi-02-1152x1536.jpeg 1152w, https:\/\/lamoulinettelille.fr\/wp-content\/uploads\/2023\/07\/La-Moulinette-est-comme-toi-02-1536x2048.jpeg 1536w, https:\/\/lamoulinettelille.fr\/wp-content\/uploads\/2023\/07\/La-Moulinette-est-comme-toi-02-600x800.jpeg 600w, https:\/\/lamoulinettelille.fr\/wp-content\/uploads\/2023\/07\/La-Moulinette-est-comme-toi-02-scaled.jpeg 1920w\" sizes=\"auto, (max-width: 768px) 100vw, 768px\" \/><\/figure><\/li><\/ul><\/figure>\n\n\n\n<p><strong>Bien manger \u00e0 un prix raisonnable, participer \u00e0 des \u00e9v\u00e9nements ou des ateliers, proposer des initiatives pour le quartier, partager ses id\u00e9es, travailler, fl\u00e2ner&nbsp;ou vibrer<\/strong>\u2026 ici tout cela est possible, au fil de de la programmation.<\/p>\n\n\n\n<figure class=\"wp-block-gallery columns-2 is-cropped wp-block-gallery-2 is-layout-flex wp-block-gallery-is-layout-flex\"><ul class=\"blocks-gallery-grid\"><li class=\"blocks-gallery-item\"><figure><img loading=\"lazy\" decoding=\"async\" width=\"768\" height=\"1024\" src=\"http:\/\/lamoulinettelille.fr\/wp-content\/uploads\/2023\/07\/La-Moulinette-est-comme-toi-03-1-768x1024.jpg\" alt=\"\" data-id=\"613\" data-full-url=\"http:\/\/lamoulinettelille.fr\/wp-content\/uploads\/2023\/07\/La-Moulinette-est-comme-toi-03-1-scaled.jpg\" data-link=\"http:\/\/lamoulinettelille.fr\/?attachment_id=613\" class=\"wp-image-613\" srcset=\"https:\/\/lamoulinettelille.fr\/wp-content\/uploads\/2023\/07\/La-Moulinette-est-comme-toi-03-1-768x1024.jpg 768w, https:\/\/lamoulinettelille.fr\/wp-content\/uploads\/2023\/07\/La-Moulinette-est-comme-toi-03-1-225x300.jpg 225w, https:\/\/lamoulinettelille.fr\/wp-content\/uploads\/2023\/07\/La-Moulinette-est-comme-toi-03-1-1152x1536.jpg 1152w, https:\/\/lamoulinettelille.fr\/wp-content\/uploads\/2023\/07\/La-Moulinette-est-comme-toi-03-1-1536x2048.jpg 1536w, https:\/\/lamoulinettelille.fr\/wp-content\/uploads\/2023\/07\/La-Moulinette-est-comme-toi-03-1-600x800.jpg 600w, https:\/\/lamoulinettelille.fr\/wp-content\/uploads\/2023\/07\/La-Moulinette-est-comme-toi-03-1-scaled.jpg 1920w\" sizes=\"auto, (max-width: 768px) 100vw, 768px\" \/><\/figure><\/li><li class=\"blocks-gallery-item\"><figure><img loading=\"lazy\" decoding=\"async\" width=\"768\" height=\"1024\" src=\"https:\/\/lamoulinettelille.fr\/wp-content\/uploads\/2023\/07\/La-Moulinette-est-comme-toi-06-1-768x1024.jpeg\" alt=\"\" data-id=\"614\" data-full-url=\"https:\/\/lamoulinettelille.fr\/wp-content\/uploads\/2023\/07\/La-Moulinette-est-comme-toi-06-1-scaled.jpeg\" data-link=\"https:\/\/lamoulinettelille.fr\/?attachment_id=614\" class=\"wp-image-614\" srcset=\"https:\/\/lamoulinettelille.fr\/wp-content\/uploads\/2023\/07\/La-Moulinette-est-comme-toi-06-1-768x1024.jpeg 768w, https:\/\/lamoulinettelille.fr\/wp-content\/uploads\/2023\/07\/La-Moulinette-est-comme-toi-06-1-225x300.jpeg 225w, https:\/\/lamoulinettelille.fr\/wp-content\/uploads\/2023\/07\/La-Moulinette-est-comme-toi-06-1-1152x1536.jpeg 1152w, https:\/\/lamoulinettelille.fr\/wp-content\/uploads\/2023\/07\/La-Moulinette-est-comme-toi-06-1-1536x2048.jpeg 1536w, https:\/\/lamoulinettelille.fr\/wp-content\/uploads\/2023\/07\/La-Moulinette-est-comme-toi-06-1-600x800.jpeg 600w, https:\/\/lamoulinettelille.fr\/wp-content\/uploads\/2023\/07\/La-Moulinette-est-comme-toi-06-1-scaled.jpeg 1920w\" sizes=\"auto, (max-width: 768px) 100vw, 768px\" \/><\/figure><\/li><\/ul><\/figure>\n\n\n\n<p><strong>La Moulinette est en&nbsp;coh\u00e9rence&nbsp;avec les enjeux \u00e9cologiques \u00e0 travers le choix de&nbsp;ses&nbsp;fournisseurs et de&nbsp;ses denr\u00e9es.&nbsp;<\/strong><\/p>\n\n\n\n<p>La Moulinette&nbsp;se veut un <strong>lieu inclusif, favorisant le d\u00e9bat, l\u2019\u00e9ducation populaire, les solidarit\u00e9s, la coop\u00e9ration.&nbsp;<\/strong><\/p>\n\n\n\n<p>La Moulinette est un <strong>lieu&nbsp;adapt\u00e9 \u00e0 tous les \u00e2ges (<\/strong>qui comporte un &#8220;espace enfants&#8221;) <strong>et accessible \u00e0 tous\u00b7tes<\/strong>, y compris aux personnes \u00e0 mobilit\u00e9 r\u00e9duite, conform\u00e9ment \u00e0 la r\u00e8glementation.<\/p>\n\n\n\n<p>La Moulinette est&nbsp;<strong>ouverte&nbsp;aux initiatives nouvelles et aux propositions<\/strong>&nbsp;: si tu en as, n\u2019h\u00e9site pas \u00e0 venir en parler au bar<strong>&nbsp;de pr\u00e9f\u00e9rence<\/strong>&nbsp;! Ou&nbsp; \u00e0&nbsp;envoyer un mail \u00e0 <a href=\"mailto:lamoulinette59@protonmail.com\"><span class=\"has-inline-color has-black-color\">lamoulinette59@protonmail.com<\/span><\/a>.<\/p>\n\n\n\n<div class=\"wp-block-buttons is-layout-flex wp-block-buttons-is-layout-flex\">\n<div class=\"wp-block-button is-style-outline is-style-outline--3\"><a class=\"wp-block-button__link\" href=\"http:\/\/lamoulinettelille.fr\/wp-content\/uploads\/2020\/12\/Charte-Moulinette-site-V3.odt.pdf\"><span style=\"color:#8f1919\" class=\"has-inline-color\"><strong>Pour en savoir plus, consulte notre charte !<\/strong><\/span><\/a><\/div>\n<\/div>\n\n\n\n<hr class=\"wp-block-separator\"\/>\n\n\n\n<h2 class=\"wp-block-heading\">D\u00e9couvrir nos espaces<\/h2>\n\n\n\n<p>&nbsp;La Moulinette comporte plusieurs espaces :<\/p>\n\n\n\n<ul class=\"wp-block-list\"><li>la salle caf\u00e9 \/ cantine<\/li><li>la grande terrasse, donnant sur le boulevard Victor Hugo<\/li><li>la petite terrasse couverte (appel\u00e9e aussi &#8220;Le Patio&#8221;)<\/li><li>la salle de r\u00e9union du 1er \u00e9tage<\/li><li>la salle avec un baby foot et jeux de soci\u00e9t\u00e9<\/li><li>l&#8217;espace d\u00e9di\u00e9 aux enfants (avec jeux et livres jeunesse)<\/li><\/ul>\n\n\n\n<figure class=\"wp-block-gallery columns-3 is-cropped wp-block-gallery-4 is-layout-flex wp-block-gallery-is-layout-flex\"><ul class=\"blocks-gallery-grid\"><li class=\"blocks-gallery-item\"><figure><img loading=\"lazy\" decoding=\"async\" width=\"1024\" height=\"768\" src=\"http:\/\/lamoulinettelille.fr\/wp-content\/uploads\/2020\/12\/IMG_20200606_175247-1024x768.jpg\" alt=\"\" data-id=\"154\" data-link=\"http:\/\/lamoulinettelille.fr\/?attachment_id=154\" class=\"wp-image-154\" srcset=\"https:\/\/lamoulinettelille.fr\/wp-content\/uploads\/2020\/12\/IMG_20200606_175247-1024x768.jpg 1024w, https:\/\/lamoulinettelille.fr\/wp-content\/uploads\/2020\/12\/IMG_20200606_175247-300x225.jpg 300w, https:\/\/lamoulinettelille.fr\/wp-content\/uploads\/2020\/12\/IMG_20200606_175247-768x576.jpg 768w, https:\/\/lamoulinettelille.fr\/wp-content\/uploads\/2020\/12\/IMG_20200606_175247-1536x1152.jpg 1536w, https:\/\/lamoulinettelille.fr\/wp-content\/uploads\/2020\/12\/IMG_20200606_175247-2048x1536.jpg 2048w, https:\/\/lamoulinettelille.fr\/wp-content\/uploads\/2020\/12\/IMG_20200606_175247-600x450.jpg 600w\" sizes=\"auto, (max-width: 1024px) 100vw, 1024px\" \/><\/figure><\/li><li class=\"blocks-gallery-item\"><figure><img loading=\"lazy\" decoding=\"async\" width=\"1024\" height=\"768\" src=\"http:\/\/lamoulinettelille.fr\/wp-content\/uploads\/2020\/12\/IMG_20200721_203953-1024x768.jpg\" alt=\"\" data-id=\"159\" data-link=\"http:\/\/lamoulinettelille.fr\/?attachment_id=159\" class=\"wp-image-159\" srcset=\"https:\/\/lamoulinettelille.fr\/wp-content\/uploads\/2020\/12\/IMG_20200721_203953-1024x768.jpg 1024w, https:\/\/lamoulinettelille.fr\/wp-content\/uploads\/2020\/12\/IMG_20200721_203953-300x225.jpg 300w, https:\/\/lamoulinettelille.fr\/wp-content\/uploads\/2020\/12\/IMG_20200721_203953-768x576.jpg 768w, https:\/\/lamoulinettelille.fr\/wp-content\/uploads\/2020\/12\/IMG_20200721_203953-1536x1152.jpg 1536w, https:\/\/lamoulinettelille.fr\/wp-content\/uploads\/2020\/12\/IMG_20200721_203953-2048x1536.jpg 2048w, https:\/\/lamoulinettelille.fr\/wp-content\/uploads\/2020\/12\/IMG_20200721_203953-600x450.jpg 600w\" sizes=\"auto, (max-width: 1024px) 100vw, 1024px\" \/><\/figure><\/li><li class=\"blocks-gallery-item\"><figure><img loading=\"lazy\" decoding=\"async\" width=\"1024\" height=\"683\" src=\"http:\/\/lamoulinettelille.fr\/wp-content\/uploads\/2021\/03\/6-1024x683.jpg\" alt=\"\" data-id=\"345\" data-link=\"http:\/\/lamoulinettelille.fr\/?attachment_id=345\" class=\"wp-image-345\" srcset=\"https:\/\/lamoulinettelille.fr\/wp-content\/uploads\/2021\/03\/6-1024x683.jpg 1024w, https:\/\/lamoulinettelille.fr\/wp-content\/uploads\/2021\/03\/6-300x200.jpg 300w, https:\/\/lamoulinettelille.fr\/wp-content\/uploads\/2021\/03\/6-768x512.jpg 768w, https:\/\/lamoulinettelille.fr\/wp-content\/uploads\/2021\/03\/6.jpg 1296w\" sizes=\"auto, (max-width: 1024px) 100vw, 1024px\" \/><\/figure><\/li><li class=\"blocks-gallery-item\"><figure><img loading=\"lazy\" decoding=\"async\" width=\"1024\" height=\"683\" src=\"http:\/\/lamoulinettelille.fr\/wp-content\/uploads\/2021\/03\/11-escalier2x-1-1024x683.jpg\" alt=\"\" data-id=\"347\" data-full-url=\"http:\/\/lamoulinettelille.fr\/wp-content\/uploads\/2021\/03\/11-escalier2x-1.jpg\" data-link=\"http:\/\/lamoulinettelille.fr\/?attachment_id=347\" class=\"wp-image-347\" srcset=\"https:\/\/lamoulinettelille.fr\/wp-content\/uploads\/2021\/03\/11-escalier2x-1-1024x683.jpg 1024w, https:\/\/lamoulinettelille.fr\/wp-content\/uploads\/2021\/03\/11-escalier2x-1-300x200.jpg 300w, https:\/\/lamoulinettelille.fr\/wp-content\/uploads\/2021\/03\/11-escalier2x-1-768x512.jpg 768w, https:\/\/lamoulinettelille.fr\/wp-content\/uploads\/2021\/03\/11-escalier2x-1.jpg 1296w\" sizes=\"auto, (max-width: 1024px) 100vw, 1024px\" \/><\/figure><\/li><\/ul><\/figure>\n\n\n\n<p>Certains de ces espaces peuvent \u00eatre <strong>mis \u00e0 disposition et\/ou r\u00e9serv\u00e9s gracieusement <\/strong>pour les associations, les collectifs de solidarit\u00e9, les r\u00e9unions des voisin\u00b7es : il suffit de consommer quelque chose pour y avoir acc\u00e8s.<\/p>\n\n\n\n<p>Si tu veux la r\u00e9server \u00e0 des fins lucratives, alors on se mettra d&#8217;accord sur un tarif.<\/p>\n\n\n\n<hr class=\"wp-block-separator\"\/>\n\n\n\n<h2 class=\"wp-block-heading\">Remerciements<\/h2>\n\n\n\n<p>Aux travailleur\u00b7euses de la Moulinette,<\/p>\n\n\n\n<p>Nos fournisseur\u00b7euses&nbsp; qui traquent les bons produits,<br>Les&nbsp;paysan\u00b7nes&nbsp;du coin,<br>\u00c0 Humafin notre cabinet comptable, en SCOP \u00e9galement.<\/p>\n\n\n\n<p>\u00c0 Sino\u00eb Meissonnier pour ses graphismes d\u00e9licats :&nbsp;<a rel=\"noreferrer noopener\" href=\"https:\/\/www.instagram.com\/sinoe_art\/\" target=\"_blank\">https:\/\/www.instagram.com\/sinoe_art\/<\/a><\/p>\n\n\n\n<p>Arnaud Thuillier de <a>tranquilleinternet.com<\/a> pour la charte graphique,<br>Vicky Bazombanza pour les photos du pr\u00e9sent site,<br>Magali Nayrac (Opt\u00e9os) pour la conception et la r\u00e9daction du site.<\/p>\n\n\n\n<p><strong>Et enfin, les voisin\u00b7es pour leur accueil et leurs sourires !<\/strong><br><strong>Et toi,  pour tout ce que tu nous apportes \ud83d\ude42<\/strong><\/p>\n\n\n\n<hr class=\"wp-block-separator\"\/>\n\n\n\n<h2 class=\"wp-block-heading\">Nos financeurs<\/h2>\n\n\n\n<p>Pour sa cr\u00e9ation, La Moulinette a b\u00e9n\u00e9fici\u00e9 des soutiens suivants : <\/p>\n\n\n\n<ul class=\"wp-block-list\"><li>Conseil r\u00e9gional des Hauts de France<\/li><li>Etat (emplois francs)<\/li><li>MEL (subvention ESS)<\/li><li>Club Les Cigales (Cigale 235 et Cigales and co)<\/li><li>Nord Actif<\/li><li>La Socoden <\/li><li>NEF (banque solidaire)<\/li><li>Cr\u00e9dit mutuel<\/li><li><strong>Et plus de 80 personnes qui ont soutenu le projet en prenant des titres participatifs : merci \u00e0 ELL\u00b7EUX !<\/strong><\/li><\/ul>\n\n\n\n<div class=\"wp-block-group\"><div class=\"wp-block-group__inner-container is-layout-flow wp-block-group-is-layout-flow\">\n<div class=\"wp-block-group\"><div class=\"wp-block-group__inner-container is-layout-flow wp-block-group-is-layout-flow\">\n<figure class=\"wp-block-gallery aligncenter columns-3 is-cropped wp-block-gallery-5 is-layout-flex wp-block-gallery-is-layout-flex\"><ul class=\"blocks-gallery-grid\"><li class=\"blocks-gallery-item\"><figure><img loading=\"lazy\" decoding=\"async\" width=\"1024\" height=\"301\" src=\"http:\/\/lamoulinettelille.fr\/wp-content\/uploads\/2021\/04\/logo-nord-actif-1024x301.jpg\" alt=\"\" data-id=\"399\" data-full-url=\"http:\/\/lamoulinettelille.fr\/wp-content\/uploads\/2021\/04\/logo-nord-actif.jpg\" data-link=\"http:\/\/lamoulinettelille.fr\/?attachment_id=399\" class=\"wp-image-399\" srcset=\"https:\/\/lamoulinettelille.fr\/wp-content\/uploads\/2021\/04\/logo-nord-actif-1024x301.jpg 1024w, https:\/\/lamoulinettelille.fr\/wp-content\/uploads\/2021\/04\/logo-nord-actif-300x88.jpg 300w, https:\/\/lamoulinettelille.fr\/wp-content\/uploads\/2021\/04\/logo-nord-actif-768x226.jpg 768w, https:\/\/lamoulinettelille.fr\/wp-content\/uploads\/2021\/04\/logo-nord-actif-600x176.jpg 600w, https:\/\/lamoulinettelille.fr\/wp-content\/uploads\/2021\/04\/logo-nord-actif.jpg 1031w\" sizes=\"auto, (max-width: 1024px) 100vw, 1024px\" \/><\/figure><\/li><li class=\"blocks-gallery-item\"><figure><img loading=\"lazy\" decoding=\"async\" width=\"244\" height=\"301\" src=\"http:\/\/lamoulinettelille.fr\/wp-content\/uploads\/2020\/12\/Logo_MEL.svg_.png\" alt=\"\" data-id=\"193\" data-full-url=\"http:\/\/lamoulinettelille.fr\/wp-content\/uploads\/2020\/12\/Logo_MEL.svg_.png\" data-link=\"http:\/\/lamoulinettelille.fr\/?attachment_id=193\" class=\"wp-image-193\"\/><\/figure><\/li><li class=\"blocks-gallery-item\"><figure><img loading=\"lazy\" decoding=\"async\" width=\"200\" height=\"200\" src=\"http:\/\/lamoulinettelille.fr\/wp-content\/uploads\/2020\/12\/320px-Logo_Hauts-de-France_2016.svg_-e1618579841229.png\" alt=\"\" data-id=\"191\" data-full-url=\"http:\/\/lamoulinettelille.fr\/wp-content\/uploads\/2020\/12\/320px-Logo_Hauts-de-France_2016.svg_-e1618579841229.png\" data-link=\"http:\/\/lamoulinettelille.fr\/?attachment_id=191\" class=\"wp-image-191\"\/><\/figure><\/li><li class=\"blocks-gallery-item\"><figure><img loading=\"lazy\" decoding=\"async\" width=\"848\" height=\"450\" src=\"http:\/\/lamoulinettelille.fr\/wp-content\/uploads\/2020\/12\/Logo-CIGALES-848x450-1.jpg\" alt=\"\" data-id=\"194\" data-full-url=\"http:\/\/lamoulinettelille.fr\/wp-content\/uploads\/2020\/12\/Logo-CIGALES-848x450-1.jpg\" data-link=\"http:\/\/lamoulinettelille.fr\/?attachment_id=194\" class=\"wp-image-194\" srcset=\"https:\/\/lamoulinettelille.fr\/wp-content\/uploads\/2020\/12\/Logo-CIGALES-848x450-1.jpg 848w, https:\/\/lamoulinettelille.fr\/wp-content\/uploads\/2020\/12\/Logo-CIGALES-848x450-1-300x159.jpg 300w, https:\/\/lamoulinettelille.fr\/wp-content\/uploads\/2020\/12\/Logo-CIGALES-848x450-1-768x408.jpg 768w\" sizes=\"auto, (max-width: 848px) 100vw, 848px\" \/><\/figure><\/li><li class=\"blocks-gallery-item\"><figure><img loading=\"lazy\" decoding=\"async\" width=\"474\" height=\"316\" src=\"http:\/\/lamoulinettelille.fr\/wp-content\/uploads\/2020\/12\/credit-mutuel.jpg\" alt=\"\" data-id=\"192\" data-full-url=\"http:\/\/lamoulinettelille.fr\/wp-content\/uploads\/2020\/12\/credit-mutuel.jpg\" data-link=\"http:\/\/lamoulinettelille.fr\/?attachment_id=192\" class=\"wp-image-192\" srcset=\"https:\/\/lamoulinettelille.fr\/wp-content\/uploads\/2020\/12\/credit-mutuel.jpg 474w, https:\/\/lamoulinettelille.fr\/wp-content\/uploads\/2020\/12\/credit-mutuel-300x200.jpg 300w\" sizes=\"auto, (max-width: 474px) 100vw, 474px\" \/><\/figure><\/li><li class=\"blocks-gallery-item\"><figure><img loading=\"lazy\" decoding=\"async\" width=\"250\" height=\"150\" src=\"http:\/\/lamoulinettelille.fr\/wp-content\/uploads\/2020\/12\/Socoden.jpg\" alt=\"\" data-id=\"198\" data-full-url=\"http:\/\/lamoulinettelille.fr\/wp-content\/uploads\/2020\/12\/Socoden.jpg\" data-link=\"http:\/\/lamoulinettelille.fr\/?attachment_id=198\" class=\"wp-image-198\"\/><\/figure><\/li><li class=\"blocks-gallery-item\"><figure><img loading=\"lazy\" decoding=\"async\" width=\"474\" height=\"148\" src=\"http:\/\/lamoulinettelille.fr\/wp-content\/uploads\/2020\/12\/nef.jpg\" alt=\"\" data-id=\"197\" data-full-url=\"http:\/\/lamoulinettelille.fr\/wp-content\/uploads\/2020\/12\/nef.jpg\" data-link=\"http:\/\/lamoulinettelille.fr\/?attachment_id=197\" class=\"wp-image-197\" srcset=\"https:\/\/lamoulinettelille.fr\/wp-content\/uploads\/2020\/12\/nef.jpg 474w, https:\/\/lamoulinettelille.fr\/wp-content\/uploads\/2020\/12\/nef-300x94.jpg 300w\" sizes=\"auto, (max-width: 474px) 100vw, 474px\" \/><\/figure><\/li><\/ul><\/figure>\n<\/div><\/div>\n<\/div><\/div>\n\n\n\n<div class=\"wp-block-buttons is-layout-flex wp-block-buttons-is-layout-flex\"><\/div>\n\n\n\n<p><\/p>\n","protected":false},"excerpt":{"rendered":"<p>La Moulinette est comme toi : elle a de multiples facettes A la fois caf\u00e9, restaurant v\u00e9g\u00e9tarien et v\u00e9gan, bar et lieu culturel, La Moulinette est un espace o\u00f9 il fait bon se retrouver en famille, entre voisin\u00b7nes, entre coll\u00e8gues,&nbsp;entre ami\u00b7es, aux diff\u00e9rentes heures de &hellip; <\/p>\n","protected":false},"author":1,"featured_media":0,"parent":0,"menu_order":0,"comment_status":"closed","ping_status":"closed","template":"","meta":{"footnotes":""},"class_list":["post-72","page","type-page","status-publish","hentry"],"_links":{"self":[{"href":"https:\/\/lamoulinettelille.fr\/index.php?rest_route=\/wp\/v2\/pages\/72","targetHints":{"allow":["GET"]}}],"collection":[{"href":"https:\/\/lamoulinettelille.fr\/index.php?rest_route=\/wp\/v2\/pages"}],"about":[{"href":"https:\/\/lamoulinettelille.fr\/index.php?rest_route=\/wp\/v2\/types\/page"}],"author":[{"embeddable":true,"href":"https:\/\/lamoulinettelille.fr\/index.php?rest_route=\/wp\/v2\/users\/1"}],"replies":[{"embeddable":true,"href":"https:\/\/lamoulinettelille.fr\/index.php?rest_route=%2Fwp%2Fv2%2Fcomments&post=72"}],"version-history":[{"count":46,"href":"https:\/\/lamoulinettelille.fr\/index.php?rest_route=\/wp\/v2\/pages\/72\/revisions"}],"predecessor-version":[{"id":659,"href":"https:\/\/lamoulinettelille.fr\/index.php?rest_route=\/wp\/v2\/pages\/72\/revisions\/659"}],"wp:attachment":[{"href":"https:\/\/lamoulinettelille.fr\/index.php?rest_route=%2Fwp%2Fv2%2Fmedia&parent=72"}],"curies":[{"name":"wp","href":"https:\/\/api.w.org\/{rel}","templated":true}]}}